{"id":14177,"date":"2018-06-05T15:07:53","date_gmt":"2018-06-05T13:07:53","guid":{"rendered":"https:\/\/dga.de\/datenschutz\/"},"modified":"2026-04-27T18:51:02","modified_gmt":"2026-04-27T16:51:02","slug":"datenschutz","status":"publish","type":"page","link":"https:\/\/dga.de\/fr\/datenschutz\/","title":{"rendered":"Protection des donn\u00e9es"},"content":{"rendered":"<p><div class=\"fusion-fullwidth fullwidth-box fusion-builder-row-1 fusion-flex-container nonhundred-percent-fullwidth non-hundred-percent-height-scrolling\" style=\"--awb-border-radius-top-left:0px;--awb-border-radius-top-right:0px;--awb-border-radius-bottom-right:0px;--awb-border-radius-bottom-left:0px;--awb-flex-wrap:wrap;\" ><div class=\"fusion-builder-row fusion-row fusion-flex-align-items-flex-start fusion-flex-content-wrap\" style=\"max-width:1144px;margin-left: calc(-4% \/ 2 );margin-right: calc(-4% \/ 2 );\"><div class=\"fusion-layout-column fusion_builder_column fusion-builder-column-0 fusion_builder_column_1_1 1_1 fusion-flex-column\" style=\"--awb-bg-size:cover;--awb-width-large:100%;--awb-margin-top-large:0px;--awb-spacing-right-large:1.92%;--awb-margin-bottom-large:0px;--awb-spacing-left-large:1.92%;--awb-width-medium:100%;--awb-spacing-right-medium:1.92%;--awb-spacing-left-medium:1.92%;--awb-width-small:100%;--awb-spacing-right-small:1.92%;--awb-spacing-left-small:1.92%;\"><div class=\"fusion-column-wrapper fusion-flex-justify-content-flex-start fusion-content-layout-column\"><div class=\"fusion-title title fusion-title-1 fusion-sep-none fusion-title-text fusion-title-size-one\" style=\"--awb-margin-top-small:0px;--awb-margin-right-small:0px;--awb-margin-bottom-small:20px;--awb-margin-left-small:0px;\"><h1 class=\"fusion-title-heading title-heading-left\" style=\"margin:0;\">Protection des donn\u00e9es<\/h1><\/div><\/div><\/div><\/div><\/div><div class=\"fusion-fullwidth fullwidth-box fusion-builder-row-2 fusion-flex-container nonhundred-percent-fullwidth non-hundred-percent-height-scrolling\" style=\"--awb-border-radius-top-left:0px;--awb-border-radius-top-right:0px;--awb-border-radius-bottom-right:0px;--awb-border-radius-bottom-left:0px;--awb-flex-wrap:wrap;\" ><div class=\"fusion-builder-row fusion-row fusion-flex-align-items-flex-start fusion-flex-content-wrap\" style=\"max-width:1144px;margin-left: calc(-4% \/ 2 );margin-right: calc(-4% \/ 2 );\"><div class=\"fusion-layout-column fusion_builder_column fusion-builder-column-1 fusion_builder_column_1_1 1_1 fusion-flex-column\" style=\"--awb-bg-size:cover;--awb-width-large:100%;--awb-margin-top-large:0px;--awb-spacing-right-large:1.92%;--awb-margin-bottom-large:0px;--awb-spacing-left-large:1.92%;--awb-width-medium:100%;--awb-spacing-right-medium:1.92%;--awb-spacing-left-medium:1.92%;--awb-width-small:100%;--awb-spacing-right-small:1.92%;--awb-spacing-left-small:1.92%;\"><div class=\"fusion-column-wrapper fusion-flex-justify-content-flex-start fusion-content-layout-column\"><div class=\"fusion-text fusion-text-1\"><p>Nous sommes une entreprise qui prend, depuis toujours, tr\u00e8s au s\u00e9rieux la protection des donn\u00e9es. La pr\u00e9sente d\u00e9claration de confidentialit\u00e9 s&rsquo;applique \u00e0 Dortmunder Gu\u00dfasphalt GmbH &amp; Co. KG. Vous pouvez utiliser nos pages Internet, notamment dans le but de vous informer, sans donner de renseignements. Si vous utilisez les possibilit\u00e9s dont nous nous servons, il est le cas \u00e9ch\u00e9ant n\u00e9cessaire que nous collections, traitions, utilisions et enregistrions les donn\u00e9es \u00e0 caract\u00e8re personnel que vous devez indiquer (par ex. sur le formulaire de contact, etc.).<\/p>\n<p>Dans tous les cas, le traitement s&rsquo;effectue en accord avec le droit applicable sur la protection des donn\u00e9es, notamment en conformit\u00e9 avec les prescriptions du R\u00e8glement europ\u00e9en g\u00e9n\u00e9ral sur la protection des donn\u00e9es (RGPD), avec la loi f\u00e9d\u00e9rale sur la protection des donn\u00e9es (BDSG) ainsi qu&rsquo;avec des dispositions l\u00e9gales compl\u00e9mentaires. La base juridique du traitement de vos donn\u00e9es \u00e0 caract\u00e8re personnel sur notre site est l&rsquo;Art. 6 al. 1 p. 1 let. f du RGPD.<\/p>\n<p>Par la pr\u00e9sente d\u00e9claration de confidentialit\u00e9, nous vous informons entre autres sur la finalit\u00e9, le type et l&rsquo;\u00e9tendue de l&rsquo;utilisation des donn\u00e9es \u00e0 caract\u00e8re personnel par notre site.<\/p>\n<p><strong>1. RESPONSABLE<\/strong><br \/>Le responsable au sens du R\u00e8glement g\u00e9n\u00e9ral sur la protection des donn\u00e9es (\u00ab RGPD \u00bb) est :<br \/>Dortmunder Gu\u00dfasphalt GmbH &amp; Co. KG<br \/>Am Hafenbahnhof 10<br \/>44147 Dortmund<br \/>Allemagne<br \/>Tel.: +49 231 395797-0<br \/>E-mail: info@dga.de<\/p>\n<p><strong>2. D\u00c9L\u00c9GU\u00c9(E) \u00c0 LA PROTECTION DES DONN\u00c9ES<\/strong><br \/>Pour les sujets concernant la protection des donn\u00e9es, vous pouvez vous adresser \u00e0 notre d\u00e9l\u00e9gu\u00e9 \u00e0 la protection des donn\u00e9es :<br \/>d\u00e9l\u00e9gu\u00e9 \u00e0 la protection des donn\u00e9es Basalt-Actien-Gesellschaft<br \/>Linzhausenstr. 20<br \/>53545 Linz am Rhein<br \/>Allemagne<br \/>Tel.: +49 2644 5630<br \/>datenschutz@basalt.de<\/p>\n<p><strong>3. TRAITEMENT DE VOS DONN\u00c9ES \u00c0 CARACT\u00c8RE PERSONNEL \/ TYPE ET FINALIT\u00c9 DE CE TRAITEMENT \/ BASE JURIDIQUE DU TRAITEMENT ET STOCKAGE<\/strong><br \/>\u00c0 chaque consultation, que ce soit par l&rsquo;utilisateur ou un syst\u00e8me automatis\u00e9, nos pages Internet collectent une s\u00e9rie de donn\u00e9es et d&rsquo;informations (g\u00e9n\u00e9rales). La collecte et le stockage s&rsquo;effectuent dans ce qu&rsquo;on appelle des fichiers journaux de notre serveur.<br \/>Les donn\u00e9es suivantes peuvent \u00eatre collect\u00e9es et stock\u00e9es :<br \/>\u2013 syst\u00e8me d&rsquo;exploitation utilis\u00e9<br \/>\u2013 date et heure de l&rsquo;acc\u00e8s<br \/>\u2013 adresse IP (adresse de protocole Internet)<br \/>\u2013 types de navigateurs et versions<br \/>\u2013 r\u00e9f\u00e9rant (site Internet \u00e0 partir duquel l&rsquo;acc\u00e8s se fait \u00e0 notre syst\u00e8me),<br \/>\u2013 sous-sites Internet qui d\u00e9marrent notre syst\u00e8me<br \/>\u2013 fournisseur de services Internet du syst\u00e8me qui acc\u00e8de \u00e0 nos pages Internet<br \/>\u2013 donn\u00e9es et informations similaires qui prot\u00e8gent le syst\u00e8me de l&rsquo;utilisateur des attaques num\u00e9riques (par ex. programmes anti-virus)<\/p>\n<p>Les contextes de cette collecte de donn\u00e9es sont :<br \/>\u2013 la fourniture correcte des contenus de notre site Internet<br \/>\u2013 l&rsquo;optimisation du site Internet<br \/>\u2013 la garantie du bon fonctionnement de notre site Internet<br \/>\u2013 la mise \u00e0 disposition des informations n\u00e9cessaires aux poursuites en cas de cyberattaque<br \/>\u2013 l&rsquo;analyse afin de pouvoir augmenter la protection des donn\u00e9es et la s\u00e9curit\u00e9 et ainsi atteindre un niveau de protection optimal<br \/>\u2013 \u00e0 des fins administratives.<\/p>\n<p>Les fichiers journaux du serveur sont conserv\u00e9s s\u00e9par\u00e9ment des autres donn\u00e9es \u00e0 caract\u00e8re personnel communiqu\u00e9es. La base juridique de ce traitement de vos donn\u00e9es \u00e0 caract\u00e8re personnel sur notre site est l&rsquo;Art. 6 al. 1 p. 1 let. f du RGPD. L&rsquo;int\u00e9r\u00eat l\u00e9gitime en ce sens d\u00e9coule des contextes pr\u00e9c\u00e9demment \u00e9num\u00e9r\u00e9s de la collecte de donn\u00e9es. Lors de la collecte et de l&rsquo;utilisation des donn\u00e9es suscit\u00e9es, aucune d\u00e9duction n&rsquo;est faite sur la personne concern\u00e9e (utilisateur). Les fichiers journaux du serveur sont effac\u00e9s \u00e0 intervalles r\u00e9guliers.<\/p>\n<p><strong>4. EFFACEMENT ET BLOCAGE DES DONN\u00c9ES \u00c0 CARACT\u00c8RE PERSONNEL<\/strong><br \/>Nous traitons et sauvegardons vos donn\u00e9es \u00e0 caract\u00e8re personnel uniquement pendant la p\u00e9riode requise permettant d&rsquo;atteindre la finalit\u00e9 du stockage ou dans la mesure o\u00f9 cela est pr\u00e9vu par le RGPD, la BDSG, d&rsquo;autres directives et r\u00e8glements ou d&rsquo;autres lois.<\/p>\n<p>Si la finalit\u00e9 du stockage cesse de s&rsquo;appliquer ou que la p\u00e9riode de conservation expire, nous bloquerons ou effacerons vos donn\u00e9es \u00e0 caract\u00e8re personnel syst\u00e9matiquement et conform\u00e9ment aux dispositions l\u00e9gales.<\/p>\n<p><strong>5. CRYPTAGE SSL OU TLS<\/strong><br \/>Notre site Internet utilise un cryptage SSL ou TLS pour des raisons de s\u00e9curit\u00e9 et pour prot\u00e9ger la transmission de contenus confidentiels que vous nous envoyez en tant qu&rsquo;administrateur du site Internet. Ainsi, les donn\u00e9es que vous transmettez par le biais de ce site Internet ne peuvent \u00eatre lues par des tiers. Vous reconnaissez une connexion crypt\u00e9e par la ligne d&rsquo;adresse \u00ab https:\/\/ \u00bb de votre navigateur et par le symbole du cadenas dans la ligne du navigateur.<\/p>\n<p><strong>6. COOKIES<\/strong><br \/>Notre site Internet utilise des cookies. Ce sont de petits fichiers texte que votre navigateur Internet stocke sur votre terminal. Les cookies nous aident \u00e0 rendre notre offre plus conviviale, plus efficace et plus s\u00e9curis\u00e9e.<br \/>Certains cookies sont des \u00ab cookies de session \u00bb. Ces cookies sont effac\u00e9s automatiquement \u00e0 la fin de votre session Internet. En revanche, d&rsquo;autres cookies restent sur votre terminal jusqu&rsquo;\u00e0 ce que vous les supprimiez vous-m\u00eame. Nous utilisons exclusivement des cookies de session.<br \/>Avec un navigateur Internet moderne, vous pouvez contr\u00f4ler, restreindre ou emp\u00eacher l\u2019installation de cookies. De nombreux navigateurs Internet peuvent \u00eatre configur\u00e9s de mani\u00e8re \u00e0 ce que les cookies soient supprim\u00e9s automatiquement \u00e0 la fermeture du programme. La d\u00e9sactivation des cookies peut limiter les fonctionnalit\u00e9s de notre site Internet.<a class=\"ccm-open\" href=\"#\"><br \/>Param\u00e8tres des cookies (CCM19)<br \/><\/a><\/p>\n<p><strong>7. FORMULAIRE DE CONTACT<\/strong><br \/>Les donn\u00e9es transmises par formulaire de contact sont stock\u00e9es ainsi que vos coordonn\u00e9es afin de pouvoir traiter votre demande ou d&rsquo;\u00eatre en mesure de r\u00e9pondre aux questions de suivi. Ces donn\u00e9es ne sont pas transmises sans votre consentement.<br \/>Le traitement des donn\u00e9es saisies dans le formulaire de contact est effectu\u00e9 exclusivement sur la base de votre consentement (Art. 6 al. 1 let. a du RGPD). Une r\u00e9vocation de votre consentement donn\u00e9 auparavant est possible \u00e0 tout moment. Une notification informelle par mail est suffisante pour demander la r\u00e9vocation. La l\u00e9galit\u00e9 des op\u00e9rations de traitement des donn\u00e9es effectu\u00e9es jusqu&rsquo;\u00e0 la r\u00e9vocation n&rsquo;est pas affect\u00e9e par la r\u00e9vocation.<br \/>Les donn\u00e9es communiqu\u00e9es par le biais du formulaire de contact restent chez nous jusqu&rsquo;\u00e0 ce que vous nous demandiez l&rsquo;effacement, que vous r\u00e9voquiez votre consentement au stockage ou que la n\u00e9cessit\u00e9 du stockage des donn\u00e9es n&rsquo;existe plus. Les dispositions l\u00e9gales obligatoires (notamment les d\u00e9lais de conservation) ne s&rsquo;en trouvent pas affect\u00e9es.<\/p>\n<p><strong>8. VID\u00c9OSURVEILLANCE<\/strong><br \/>Pour autant qu&rsquo;une vid\u00e9osurveillance soit assur\u00e9e, les prescriptions pertinentes du \u00a7 4 de la BDSG sont respect\u00e9es.<\/p>\n<p>Il convient de signaler ici que le document succinct No 15 de la conf\u00e9rence sur la protection des donn\u00e9es contredit la jurisprudence de la Cour europ\u00e9enne de justice (arr\u00eat du 11\/12\/2014, affaire : C-212\/13).<\/p>\n<p><strong>9. PROTECTION DES DONN\u00c9ES ET CANDIDATURES PAR COURRIER \u00c9LECTRONIQUE (MAIL)<\/strong><br \/>Nous collectons et traitons les donn\u00e9es \u00e0 caract\u00e8re personnel des candidats(es) aux fins de l&rsquo;ex\u00e9cution du processus de recrutement. Vous trouverez ici les informations relevant du droit sur la protection des donn\u00e9es du BAG (tribunal f\u00e9d\u00e9ral du travail) et concernant la gestion des donn\u00e9es des candidats.<\/p>\n<p><strong>10. VOS DROITS<\/strong><br \/>Vos droits sont importants pour nous.<\/p>\n<p>Pour exercer vos droits nomm\u00e9s ci-apr\u00e8s, vous pouvez contacter \u00e0 tout moment notre d\u00e9l\u00e9gu\u00e9 \u00e0 la protection des donn\u00e9es d\u00e9sign\u00e9 ci-dessus. En vertu de l&rsquo;Art. 12 et suivants du RGPD, vous disposez \u00e0 notre \u00e9gard des droits suivants :<\/p>\n<p><strong>a) DROIT \u00c0 LA CONFIRMATION<\/strong><br \/>Vous avez le droit octroy\u00e9 par le RGPD de nous demander de confirmer si les donn\u00e9es \u00e0 caract\u00e8re personnel vous concernant sont trait\u00e9es.<\/p>\n<p><strong>b) DROIT \u00c0 L&rsquo;INFORMATION<\/strong><br \/>Vous avez le droit octroy\u00e9 par le RGPD d&rsquo;obtenir gratuitement des informations sur les donn\u00e9es \u00e0 caract\u00e8re personnel stock\u00e9es vous concernant et une copie de ces informations. De plus, vous avez le droit octroy\u00e9 par le RGPD de conna\u00eetre<br \/>\u2013 les finalit\u00e9s du traitement<br \/>\u2013 les cat\u00e9gories de donn\u00e9es \u00e0 caract\u00e8re personnel trait\u00e9es<br \/>\u2013 les destinataires ou cat\u00e9gories de destinataires auxquels les donn\u00e9es \u00e0 caract\u00e8re personnel ont \u00e9t\u00e9 ou seront communiqu\u00e9es<br \/>\u2013 la dur\u00e9e pr\u00e9vue pendant laquelle les donn\u00e9es \u00e0 caract\u00e8re personnel seront conserv\u00e9es<br \/>\u2013 l&rsquo;existence d&rsquo;un droit de rectification ou d&rsquo;effacement des donn\u00e9es \u00e0 caract\u00e8re personnel vous concernant<br \/>\u2013 de limitation du traitement par le responsable ou<br \/>\u2013 un droit d&rsquo;opposition \u00e0 un tel traitement,<br \/>\u2013 l&rsquo;existence d&rsquo;un droit de recours aupr\u00e8s d&rsquo;une autorit\u00e9 de contr\u00f4le.<\/p>\n<p><strong>c) DROIT DE RECTIFICATION<\/strong><br \/>Vous avez le droit octroy\u00e9 par le RGPD de demander la rectification imm\u00e9diate des donn\u00e9es \u00e0 caract\u00e8re personnel incorrectes vous concernant. Compte tenu des finalit\u00e9s du traitement, vous avez \u00e9galement le droit de demander que les donn\u00e9es \u00e0 caract\u00e8re personnel incompl\u00e8tes soient compl\u00e9t\u00e9es, \u00e9galement au moyen d&rsquo;une d\u00e9claration compl\u00e9mentaire.<\/p>\n<p><strong>d) DROIT \u00c0 L&rsquo;EFFACEMENT<\/strong><br \/>(droit \u00e0 l&rsquo;oubli)<br \/>Vous avez le droit octroy\u00e9 par le RGPD de demander que les donn\u00e9es \u00e0 caract\u00e8re personnel vous concernant soient imm\u00e9diatement effac\u00e9es pour autant que l&rsquo;une des raisons suivantes s&rsquo;applique et dans la mesure o\u00f9 le traitement n&rsquo;est pas n\u00e9cessaire :<br \/>\u2013 La finalit\u00e9 du traitement est atteinte<br \/>\u2013 Vous r\u00e9voquez votre consentement et il n&rsquo;existe aucune autre base juridique pour le traitement<br \/>\u2013 Vous faites opposition au traitement conform\u00e9ment \u00e0 l&rsquo;Art. 21 par. 1, al. 2 du RGPD<br \/>\u2013 Vos donn\u00e9es ont \u00e9t\u00e9 trait\u00e9es de mani\u00e8re ill\u00e9gale<br \/>\u2013 L&rsquo;effacement des donn\u00e9es \u00e0 caract\u00e8re personnel est n\u00e9cessaire pour remplir une obligation l\u00e9gale en vertu du droit de l&rsquo;Union ou du droit allemand<\/p>\n<p><strong>e) DROIT \u00c0 LA LIMITATION DU TRAITEMENT<\/strong><br \/>Vous avez le droit de demander la restriction du traitement si l\u2019une des conditions suivantes est remplie :<br \/>\u2013 Vous contestez l&rsquo;exactitude des donn\u00e9es \u00e0 caract\u00e8re personnel<br \/>\u2013 Le traitement est illicite. \u2013 Vous refusez l&rsquo;effacement des donn\u00e9es \u00e0 caract\u00e8re personnel et demandez plut\u00f4t que l&rsquo;utilisation de vos donn\u00e9es personnelles soit restreinte<br \/>\u2013 Nous n&rsquo;avons plus besoin des donn\u00e9es \u00e0 caract\u00e8re personnel aux fins du traitement. Vous en avez toutefois besoin pour faire valoir, exercer ou d\u00e9fendre des droits l\u00e9gaux<\/p>\n<p><strong>f) DROIT \u00c0 LA PORTABILIT\u00c9 DES DONN\u00c9ES<\/strong><br \/>Vous avez le droit d&rsquo;obtenir les donn\u00e9es \u00e0 caract\u00e8re personnel vous concernant que vous nous avez fournies, dans un format structur\u00e9, courant et lisible par machine. Vous avez le droit que ces donn\u00e9es soient transmises sans entrave par nos soins \u00e0 un autre responsable.<\/p>\n<p><strong>g) DROIT D&rsquo;OPPOSITION<\/strong><br \/>Pour autant que le traitement r\u00e9sulte de votre situation particuli\u00e8re, vous pouvez \u00e0 tout moment vous opposer au traitement de vos donn\u00e9es \u00e0 caract\u00e8re personnel vous concernant. Nous ne traiterons alors plus vos donn\u00e9es \u00e0 caract\u00e8re personnel \u00e0 moins que nous puissions prouver qu&rsquo;il existe des raisons imp\u00e9rieuses pour le traitement qui l&#8217;emportent sur vos int\u00e9r\u00eats, droits et libert\u00e9s, ou que le traitement sert \u00e0 faire valoir, exercer ou d\u00e9fendre des droits l\u00e9gaux.<\/p>\n<p>Si nous traitons des donn\u00e9es \u00e0 caract\u00e8re personnel dans le cadre d&rsquo;une publicit\u00e9 directe, la personne concern\u00e9e a alors le droit de s&rsquo;opposer \u00e0 tout moment au traitement des donn\u00e9es \u00e0 caract\u00e8re personnel \u00e0 des fins d&rsquo;une telle publicit\u00e9. Si la personne concern\u00e9e s&rsquo;oppose \u00e0 notre traitement \u00e0 des fins de publicit\u00e9 directe, nous ne traiterons plus les donn\u00e9es \u00e0 caract\u00e8re personnel \u00e0 ces fins.<\/p>\n<p><strong>h) DROIT DE R\u00c9VOQUER LE CONSENTEMENT RELATIF \u00c0 LA PROTECTION DES DONN\u00c9ES<\/strong><br \/>Vous avez le droit de r\u00e9voquer \u00e0 tout moment un consentement concernant le traitement de donn\u00e9es \u00e0 caract\u00e8re personnel.<\/p>\n<p><strong>i) DROIT AU RECOURS<\/strong><br \/>Vous avez le droit octroy\u00e9 par le RGPD de d\u00e9poser un recours aupr\u00e8s de l&rsquo;autorit\u00e9 comp\u00e9tente.<\/p>\n<p>L&rsquo;autorit\u00e9 de contr\u00f4le comp\u00e9tente pour nous est :<\/p>\n<p>Landesbeauftragte f\u00fcr Datenschutz und Informationsfreiheit Nordrhein-Westfalen<br \/>Helga Block<br \/>Postfach 20 04 44<br \/>40102 D\u00fcsseldorf<br \/>Allemagne<\/p>\n<p>ou :<\/p>\n<p>Kavalleriestra\u00dfe 2-4<br \/>40213 D\u00fcsseldorf<br \/>Allemagne<br \/>poststelle@ldi.nrw.de<\/p>\n<p><strong>11. TRANSFERT DE DONN\u00c9ES \u00c0 DES TIERS<\/strong><br \/>Un transfert \u00e0 des tiers de vos donn\u00e9es \u00e0 caract\u00e8re personnel collect\u00e9es lors de votre visite sur notre site n&rsquo;est pas pr\u00e9vu, sauf dans les cas pr\u00e9c\u00e9demment cit\u00e9s, si vous avez express\u00e9ment donn\u00e9 \u00e0 ce sujet votre consentement en vertu de l&rsquo;Art. 6, al. 1 p. 1 let. a du RGPD, s&rsquo;il existe une obligation l\u00e9gale de transmission des donn\u00e9es en vertu de l&rsquo;Art. 6 al. 1 p. 1 let. c du RGPD ou si la transmission de donn\u00e9es en vertu de l&rsquo;Art. 6 al. 1 p. 1 let. b du RGPD est n\u00e9cessaire pour l&rsquo;ex\u00e9cution du contrat entre vous et nous.<\/p>\n<p><strong>12. PROFILAGE<\/strong><br \/>Le traitement de vos donn\u00e9es \u00e0 caract\u00e8re personnel effectu\u00e9 par notre site Internet n&rsquo;est pas utilis\u00e9 pour une d\u00e9cision ou une analyse automatis\u00e9e (profilage).<\/p>\n<p><strong>13. STATISTISCHE AUSWERTUNG <\/strong><br \/>Zur statistischen Auswertung setzt die dga-Gruppe auf dieser Webseite \u00ab\u00a0Matomo\u00a0\u00bb (fr\u00fcher \u00ab\u00a0PIWIK\u00a0\u00bb) ein. Das ist ein Open-Source-Tool zur Web-Analyse. Mit Matomo werden keine Daten an Server \u00fcbermittelt, die au\u00dferhalb der Kontrolle der dga-Gruppe liegen. Matomo ist deaktiviert, wenn Sie unsere Webseite besuchen. Erst wenn Sie aktiv einwilligen, wird Ihr Nutzungsverhalten anonymisiert erfasst.<\/p>\n<p>Matomo verwendet sogenannte Cookies. Das sind Textdateien, die auf Ihrem Computer gespeichert werden und die es uns m\u00f6glich machen, die Benutzung unserer Webseite zu analysieren. Dazu werden die durch den Cookie gewonnenen Informationen \u00fcber die Nutzung gespeichert, damit das Nutzungsverhalten ausgewertet werden kann. Ihre IP-Adresse wird umgehend anonymisiert; damit bleiben Sie als Nutzer anonym. Die durch den Cookie erzeugten Informationen \u00fcber Ihre Benutzung dieser Webseite werden nicht an Dritte weitergegeben.<\/p>\n<p>Die dga-Gruppe versteht diese Analyse als Bestandteil seines Internet-Services. Wir m\u00f6chten damit die Webseite weiter verbessern und noch mehr an die Bed\u00fcrfnisse der Nutzerinnen und Nutzer anpassen. Sie k\u00f6nnen sich entscheiden, ob in Ihrem Browser ein Webanalyse-Cookie abgelegt werden darf, um uns die Erfassung und Analyse statistischer Daten zu erm\u00f6glichen.<\/p>\n<p><strong>14. D\u00c9FINITIONS<\/strong><br \/>Les termes utilis\u00e9s dans la d\u00e9claration de confidentialit\u00e9 reposent sur la terminologie utilis\u00e9e par les l\u00e9gislateurs europ\u00e9ens lors de l&rsquo;adoption du RGPD.<br \/>Ces termes sont expliqu\u00e9s ci-apr\u00e8s :<\/p>\n<p><strong>j) donn\u00e9es \u00e0 caract\u00e8re personnel<\/strong><br \/>Sont toutes les informations relatives \u00e0 une personne physique identifi\u00e9e ou identifiable (\u00ab personne concern\u00e9e \u00bb). Est r\u00e9put\u00e9e \u00eatre une personne physique identifiable une personne physique qui peut \u00eatre identifi\u00e9e, directement ou indirectement, notamment par r\u00e9f\u00e9rence \u00e0 un identifiant, tel qu&rsquo;un nom, un num\u00e9ro d&rsquo;identification, des donn\u00e9es de localisation, un identifiant en ligne, ou \u00e0 un ou plusieurs \u00e9l\u00e9ments sp\u00e9cifiques propres \u00e0 son identit\u00e9 physique, physiologique, g\u00e9n\u00e9tique, psychique, \u00e9conomique, culturelle ou sociale.<\/p>\n<p><strong>k) personne concern\u00e9e<\/strong><br \/>Correspond \u00e0 toute personne physique identifi\u00e9e ou identifiable dont les donn\u00e9es \u00e0 caract\u00e8re personnel sont trait\u00e9es par le responsable du traitement.<\/p>\n<p><strong>l) traitement<\/strong><br \/>Toute op\u00e9ration ou tout ensemble d&rsquo;op\u00e9rations effectu\u00e9es ou non \u00e0 l&rsquo;aide de proc\u00e9d\u00e9s automatis\u00e9s et appliqu\u00e9es \u00e0 des donn\u00e9es ou des ensembles de donn\u00e9es \u00e0 caract\u00e8re personnel, telles que la collecte, l&rsquo;enregistrement, l&rsquo;organisation, la structuration, la conservation, l&rsquo;adaptation ou la modification, l&rsquo;extraction, la consultation, l&rsquo;utilisation, la communication par transmission, la diffusion ou toute autre forme de mise \u00e0 disposition, le rapprochement ou l&rsquo;interconnexion, la limitation, l&rsquo;effacement ou la destruction.<\/p>\n<p><strong>m) limitation du traitement<\/strong><br \/>Correspond au marquage des donn\u00e9es \u00e0 caract\u00e8re personnel conserv\u00e9es dans le but de limiter leur traitement futur.<\/p>\n<p><strong>n) profilage<\/strong><br \/>Toute forme de traitement automatis\u00e9 de donn\u00e9es \u00e0 caract\u00e8re personnel consistant \u00e0 utiliser ces donn\u00e9es \u00e0 caract\u00e8re personnel pour \u00e9valuer certains aspects personnels relatifs \u00e0 une personne physique, notamment pour analyser ou pr\u00e9dire des \u00e9l\u00e9ments concernant le rendement au travail, la situation \u00e9conomique, la sant\u00e9, les pr\u00e9f\u00e9rences personnelles, les int\u00e9r\u00eats, la fiabilit\u00e9, le comportement, la localisation ou les d\u00e9placements de cette personne physique.<\/p>\n<p><strong>o) pseudonymisation<\/strong><br \/>Le traitement de donn\u00e9es \u00e0 caract\u00e8re personnel de telle fa\u00e7on que celles-ci ne puissent plus \u00eatre attribu\u00e9es \u00e0 une personne concern\u00e9e pr\u00e9cise sans avoir recours \u00e0 des informations suppl\u00e9mentaires, pour autant que ces informations suppl\u00e9mentaires soient conserv\u00e9es s\u00e9par\u00e9ment et soumises \u00e0 des mesures techniques et organisationnelles afin de garantir que les donn\u00e9es \u00e0 caract\u00e8re personnel ne sont pas attribu\u00e9es \u00e0 une personne physique identifi\u00e9e ou identifiable.<\/p>\n<p><strong>p) responsable ou responsable du traitement<\/strong><br \/>Un responsable ou responsable du traitement correspond \u00e0 la personne physique ou morale, l&rsquo;autorit\u00e9 publique, le service ou un autre organisme qui, seul ou conjointement avec d&rsquo;autres, d\u00e9termine les finalit\u00e9s et les moyens du traitement de donn\u00e9es \u00e0 caract\u00e8re personnel. Lorsque les finalit\u00e9s et les moyens de ce traitement sont d\u00e9termin\u00e9s par le droit de l&rsquo;Union ou le droit d&rsquo;un \u00c9tat membre, le responsable peut \u00eatre d\u00e9sign\u00e9 ou les crit\u00e8res sp\u00e9cifiques applicables \u00e0 sa d\u00e9signation peuvent \u00eatre pr\u00e9vus par le droit de l&rsquo;Union ou par le droit d&rsquo;un \u00c9tat membre.<\/p>\n<p><strong>q) sous-traitant<\/strong><br \/>Une personne physique ou morale, une autorit\u00e9 publique, un service ou un autre organisme qui traite des donn\u00e9es \u00e0 caract\u00e8re personnel pour le compte du responsable.<\/p>\n<p><strong>r) destinataire<\/strong><br \/>Une personne physique ou morale, une autorit\u00e9 publique, un service ou un autre organisme qui re\u00e7oit communication de donn\u00e9es \u00e0 caract\u00e8re personnel, qu&rsquo;il s&rsquo;agisse ou non d&rsquo;un tiers. Toutefois, les autorit\u00e9s publiques qui sont susceptibles de recevoir communication de donn\u00e9es \u00e0 caract\u00e8re personnel dans le cadre d&rsquo;une mission d&rsquo;enqu\u00eate particuli\u00e8re conform\u00e9ment au droit de l&rsquo;Union ou au droit d&rsquo;un \u00c9tat membre ne sont pas consid\u00e9r\u00e9es comme des destinataires.<\/p>\n<p><strong>s) tiers<\/strong><br \/>Une personne physique ou morale, une autorit\u00e9 publique, un service ou un organisme autre que la personne concern\u00e9e, le responsable, le sous-traitant et les personnes qui, plac\u00e9es sous l&rsquo;autorit\u00e9 directe du responsable ou du sous-traitant, sont autoris\u00e9es \u00e0 traiter les donn\u00e9es \u00e0 caract\u00e8re personnel.<\/p>\n<p><strong>t) consentement<\/strong><br \/>Le consentement correspond \u00e0 toute manifestation de volont\u00e9, libre, sp\u00e9cifique, \u00e9clair\u00e9e et univoque par laquelle la personne concern\u00e9e accepte, par une d\u00e9claration ou par un acte positif clair, que des donn\u00e9es \u00e0 caract\u00e8re personnel la concernant fassent l&rsquo;objet d&rsquo;un traitement.<\/p>\n<p><strong>15. VERSION DE CETTE D\u00c9CLARATION DE CONFIDENTIALIT\u00c9<\/strong><br \/>La pr\u00e9sente d\u00e9claration de confidentialit\u00e9 est \u00e9tablie selon l&rsquo;\u00e9tat actuel des connaissances en ao\u00fbt 2019. La mise en place et l&rsquo;application conforme du RGPD se pr\u00e9sentent sous la forme d&rsquo;un processus continu. Nous participons \u00e0 ce processus. Par cons\u00e9quent, la pr\u00e9sente d\u00e9claration de confidentialit\u00e9 sera continuellement adapt\u00e9e aux conditions l\u00e9gales actuelles apr\u00e8s leur publication.<\/p>\n<\/div><\/div><\/div><\/div><\/div><\/p>\n","protected":false},"excerpt":{"rendered":"","protected":false},"author":1,"featured_media":0,"parent":0,"menu_order":100,"comment_status":"closed","ping_status":"closed","template":"","meta":{"footnotes":""},"class_list":["post-14177","page","type-page","status-publish","hentry"],"_links":{"self":[{"href":"https:\/\/dga.de\/fr\/wp-json\/wp\/v2\/pages\/14177","targetHints":{"allow":["GET"]}}],"collection":[{"href":"https:\/\/dga.de\/fr\/wp-json\/wp\/v2\/pages"}],"about":[{"href":"https:\/\/dga.de\/fr\/wp-json\/wp\/v2\/types\/page"}],"author":[{"embeddable":true,"href":"https:\/\/dga.de\/fr\/wp-json\/wp\/v2\/users\/1"}],"replies":[{"embeddable":true,"href":"https:\/\/dga.de\/fr\/wp-json\/wp\/v2\/comments?post=14177"}],"version-history":[{"count":4,"href":"https:\/\/dga.de\/fr\/wp-json\/wp\/v2\/pages\/14177\/revisions"}],"predecessor-version":[{"id":24537,"href":"https:\/\/dga.de\/fr\/wp-json\/wp\/v2\/pages\/14177\/revisions\/24537"}],"wp:attachment":[{"href":"https:\/\/dga.de\/fr\/wp-json\/wp\/v2\/media?parent=14177"}],"curies":[{"name":"wp","href":"https:\/\/api.w.org\/{rel}","templated":true}]}}